{"id":68378,"date":"2023-10-06T12:04:22","date_gmt":"2023-10-06T18:04:22","guid":{"rendered":"http:\/\/raulgalavizmultisite2023.local\/cursos\/?page_id=68378"},"modified":"2024-11-12T18:32:03","modified_gmt":"2024-11-13T00:32:03","slug":"retrata-curso-intensivo-de-fotografia","status":"publish","type":"page","link":"https:\/\/raulgalaviz.com\/cursos-de-fotografia\/calendario-de-eventos\/retrata-curso-intensivo-de-fotografia\/","title":{"rendered":"RETRATA Curso intensivo de fotograf\u00eda"},"content":{"rendered":"\t\t<div data-elementor-type=\"wp-page\" data-elementor-id=\"68378\" class=\"elementor elementor-68378\" data-elementor-post-type=\"page\">\n\t\t\t\t<div class=\"elementor-element elementor-element-28440a3 e-flex e-con-boxed e-con e-parent\" data-id=\"28440a3\" data-element_type=\"container\" data-e-type=\"container\" data-settings=\"{&quot;background_background&quot;:&quot;classic&quot;}\">\n\t\t\t\t\t<div class=\"e-con-inner\">\n\t\t\t\t<div class=\"elementor-element elementor-element-b55e992 elementor-widget elementor-widget-heading\" data-id=\"b55e992\" data-element_type=\"widget\" data-e-type=\"widget\" data-widget_type=\"heading.default\">\n\t\t\t\t<div class=\"elementor-widget-container\">\n\t\t\t\t\t<h1 class=\"elementor-heading-title elementor-size-default\">RETRATA<\/h1>\t\t\t\t<\/div>\n\t\t\t\t<\/div>\n\t\t\t\t<div class=\"elementor-element elementor-element-190e850 elementor-widget elementor-widget-text-editor\" data-id=\"190e850\" data-element_type=\"widget\" data-e-type=\"widget\" data-widget_type=\"text-editor.default\">\n\t\t\t\t<div class=\"elementor-widget-container\">\n\t\t\t\t\t\t\t\t\t<p>TALLER PRESENCIAL<\/p>\t\t\t\t\t\t\t\t<\/div>\n\t\t\t\t<\/div>\n\t\t\t\t\t<\/div>\n\t\t\t\t<\/div>\n\t\t<div class=\"elementor-element elementor-element-d9a7dcd e-flex e-con-boxed e-con e-parent\" data-id=\"d9a7dcd\" data-element_type=\"container\" data-e-type=\"container\">\n\t\t\t\t\t<div class=\"e-con-inner\">\n\t\t\t\t<div class=\"elementor-element elementor-element-2f0f442 elementor-widget elementor-widget-heading\" data-id=\"2f0f442\" data-element_type=\"widget\" data-e-type=\"widget\" data-widget_type=\"heading.default\">\n\t\t\t\t<div class=\"elementor-widget-container\">\n\t\t\t\t\t<h2 class=\"elementor-heading-title elementor-size-default\">Pr\u00f3ximos eventos.<\/h2>\t\t\t\t<\/div>\n\t\t\t\t<\/div>\n\t\t\t\t<div class=\"elementor-element elementor-element-b9c99e9 elementor-widget elementor-widget-text-editor\" data-id=\"b9c99e9\" data-element_type=\"widget\" data-e-type=\"widget\" data-widget_type=\"text-editor.default\">\n\t\t\t\t<div class=\"elementor-widget-container\">\n\t\t\t\t\t\t\t\t\t<p>Curso presencial de dos d\u00edas.<\/p>\t\t\t\t\t\t\t\t<\/div>\n\t\t\t\t<\/div>\n\t\t\t\t<div class=\"elementor-element elementor-element-6b1e25f elementor-widget elementor-widget-the-event-main\" data-id=\"6b1e25f\" data-element_type=\"widget\" data-e-type=\"widget\" data-widget_type=\"the-event-main.default\">\n\t\t\t\t<div class=\"elementor-widget-container\">\n\t\t\t\t\t<div class=\"ewpe-main-wrapper ewpe-grid-wrapper\">No se encontraron eventos<\/div>\t\t\t\t<\/div>\n\t\t\t\t<\/div>\n\t\t\t\t\t<\/div>\n\t\t\t\t<\/div>\n\t\t<div class=\"elementor-element elementor-element-7e0cabc e-flex e-con-boxed e-con e-parent\" data-id=\"7e0cabc\" data-element_type=\"container\" data-e-type=\"container\" data-settings=\"{&quot;background_background&quot;:&quot;classic&quot;}\">\n\t\t\t\t\t<div class=\"e-con-inner\">\n\t\t\t\t<div class=\"elementor-element elementor-element-847d26e elementor-widget elementor-widget-heading\" data-id=\"847d26e\" data-element_type=\"widget\" data-e-type=\"widget\" data-widget_type=\"heading.default\">\n\t\t\t\t<div class=\"elementor-widget-container\">\n\t\t\t\t\t<h4 class=\"elementor-heading-title elementor-size-default\">Eventos pasados<\/h4>\t\t\t\t<\/div>\n\t\t\t\t<\/div>\n\t\t\t\t<div class=\"elementor-element elementor-element-162689d elementor-widget elementor-widget-the-event-main\" data-id=\"162689d\" data-element_type=\"widget\" data-e-type=\"widget\" data-widget_type=\"the-event-main.default\">\n\t\t\t\t<div class=\"elementor-widget-container\">\n\t\t\t\t\t<div class=\"ewpe-main-wrapper ewpe-grid-wrapper\"><div class=\"ewpe-inner-wrapper ewpe-grid-equalheight\"><style>.elementor-70250 .elementor-element.elementor-element-d5d1855{--display:flex;--flex-direction:column;--container-widget-width:100%;--container-widget-height:initial;--container-widget-flex-grow:0;--container-widget-align-self:initial;--flex-wrap-mobile:wrap;--gap:20px 20px;--row-gap:20px;--column-gap:20px;--background-transition:0.3s;--border-radius:6px 6px 6px 6px;box-shadow:0px 10px 30px 5px rgba(0, 0, 0, 0.05);--padding-top:20px;--padding-bottom:20px;--padding-left:20px;--padding-right:20px;}.elementor-70250 .elementor-element.elementor-element-d5d1855:not(.elementor-motion-effects-element-type-background), .elementor-70250 .elementor-element.elementor-element-d5d1855 > .elementor-motion-effects-container > .elementor-motion-effects-layer{background-color:var( --e-global-color-c5e0aa9 );}.elementor-70250 .elementor-element.elementor-element-d5d1855:hover{background-color:var( --e-global-color-c5e0aa9 );}.elementor-70250 .elementor-element.elementor-element-f12cfba{--display:flex;--gap:0px 0px;--row-gap:0px;--column-gap:0px;--overflow:hidden;--border-radius:6px 6px 6px 6px;--padding-top:0px;--padding-bottom:0px;--padding-left:0px;--padding-right:0px;}.elementor-70250 .elementor-element.elementor-element-408fdec .ewpe-featured-img img{object-fit:cover;}.elementor-70250 .elementor-element.elementor-element-408fdec .ewpe-featured-img{--ewpe-image-width:100%;--ewpe-image-height:250px;}.elementor-70250 .elementor-element.elementor-element-408fdec > .elementor-widget-container{--e-transform-scale:1.02;}.elementor-70250 .elementor-element.elementor-element-2988273{--display:flex;--flex-direction:column;--container-widget-width:100%;--container-widget-height:initial;--container-widget-flex-grow:0;--container-widget-align-self:initial;--flex-wrap-mobile:wrap;--gap:0px 0px;--row-gap:0px;--column-gap:0px;--overflow:hidden;--border-radius:5px 5px 5px 5px;--padding-top:0px;--padding-bottom:0px;--padding-left:0px;--padding-right:0px;--position:absolute;top:15px;}.elementor-70250 .elementor-element.elementor-element-2988273:not(.elementor-motion-effects-element-type-background), .elementor-70250 .elementor-element.elementor-element-2988273 > .elementor-motion-effects-container > .elementor-motion-effects-layer{background-color:var( --e-global-color-accent );}body:not(.rtl) .elementor-70250 .elementor-element.elementor-element-2988273{left:15px;}body.rtl .elementor-70250 .elementor-element.elementor-element-2988273{right:15px;}.elementor-70250 .elementor-element.elementor-element-f5d27d3{--display:flex;--align-items:center;--container-widget-width:calc( ( 1 - var( --container-widget-flex-grow ) ) * 100% );box-shadow:0px 5px 20px 0px rgba(0,0,0,0.5) inset;--padding-top:5px;--padding-bottom:5px;--padding-left:5px;--padding-right:5px;--z-index:1;}.elementor-70250 .elementor-element.elementor-element-5912970 .ewpe-events-schedule,\r\n                    .elementor-70250 .elementor-element.elementor-element-5912970 .ewpe-evt-time {--ewpe-evt-schd-color:var( --e-global-color-c5e0aa9 );}.elementor-70250 .elementor-element.elementor-element-5912970 .ewpe-events-schedule {font-family:\"Inter\", Serif;font-size:14px;font-weight:normal;text-transform:uppercase;}.elementor-70250 .elementor-element.elementor-element-f722ecb{--display:flex;--align-items:center;--container-widget-width:calc( ( 1 - var( --container-widget-flex-grow ) ) * 100% );--padding-top:5px;--padding-bottom:5px;--padding-left:5px;--padding-right:5px;}.elementor-70250 .elementor-element.elementor-element-c898e4c .ewpe-events-schedule,\r\n                    .elementor-70250 .elementor-element.elementor-element-c898e4c .ewpe-evt-time {--ewpe-evt-schd-color:#FFFFFF;}.elementor-70250 .elementor-element.elementor-element-c898e4c .ewpe-events-schedule {font-family:\"Rubik\", Serif;font-size:26px;font-weight:bold;}.elementor-70250 .elementor-element.elementor-element-5d3476c{--display:flex;--flex-direction:column;--container-widget-width:100%;--container-widget-height:initial;--container-widget-flex-grow:0;--container-widget-align-self:initial;--flex-wrap-mobile:wrap;--justify-content:center;--gap:8px 8px;--row-gap:8px;--column-gap:8px;--padding-top:0px;--padding-bottom:0px;--padding-left:0px;--padding-right:0px;}.elementor-70250 .elementor-element.elementor-element-32710d4 .ewpe-event-title{--ewpe-title-color:var( --e-global-color-primary );font-family:\"EditorNote\", Serif;font-size:14px;font-weight:500;text-transform:none;line-height:1.5em;letter-spacing:1.7px;}.elementor-70250 .elementor-element.elementor-element-32710d4 {--ewpe-title-hvr-color:var( --e-global-color-primary );}.elementor-70250 .elementor-element.elementor-element-32710d4 .ewpe-event-title:hover{--ewpe-title-hvr-color:#41453C;}.elementor-70250 .elementor-element.elementor-element-516e907 .ewpe-event-readmore{--ewpe-readmore-color:var( --e-global-color-c5e0aa9 );--ewpe-readmore-bg-color:var( --e-global-color-accent );--ewpe-readmore-padding:6px 16px 6px 16px;}.elementor-70250 .elementor-element.elementor-element-516e907 {--ewpe-readmore-hvr-color:var( --e-global-color-c5e0aa9 );}.elementor-70250 .elementor-element.elementor-element-516e907{--ewpe-readmore-hvr-bg-color:var( --e-global-color-accent );width:auto;max-width:auto;}.elementor-70250 .elementor-element.elementor-element-516e907 .ewpe-event-readmore:hover{--ewpe-readmore-hvr-color:var( --e-global-color-accent );--ewpe-readmore-hvr-bg-color:var( --e-global-color-8cd4b19 );}.elementor-70250 .elementor-element.elementor-element-516e907 > .elementor-widget-container{padding:0px 0px 0px 0px;}.elementor-70250 .elementor-element.elementor-element-516e907.elementor-element{--align-self:flex-start;}body.elementor-page-70250 .elementor-69511{max-width:1140px;margin:0px auto;}@media(max-width:1024px){.elementor-70250 .elementor-element.elementor-element-516e907{width:auto;max-width:auto;}}@media(min-width:768px){.elementor-70250 .elementor-element.elementor-element-2988273{--width:65px;}}@media(max-width:1024px) and (min-width:768px){.elementor-70250 .elementor-element.elementor-element-2988273{--width:65px;}}@media(max-width:767px){.elementor-70250 .elementor-element.elementor-element-d5d1855{--flex-direction:column;--container-widget-width:calc( ( 1 - var( --container-widget-flex-grow ) ) * 100% );--container-widget-height:initial;--container-widget-flex-grow:0;--container-widget-align-self:initial;--flex-wrap-mobile:wrap;--align-items:center;--gap:10px 10px;--row-gap:10px;--column-gap:10px;--padding-top:15px;--padding-bottom:15px;--padding-left:15px;--padding-right:15px;}.elementor-70250 .elementor-element.elementor-element-408fdec .ewpe-featured-img{--ewpe-image-height:220px;}.elementor-70250 .elementor-element.elementor-element-2988273{--width:60px;}}\n\n\n\n\n\n\n\n\n\n\n\/* Start Custom Fonts CSS *\/@font-face {\n\tfont-family: 'EditorNote';\n\tfont-style: normal;\n\tfont-weight: normal;\n\tfont-display: auto;\n\tsrc: url('https:\/\/raulgalaviz.com\/cursos-de-fotografia\/wp-content\/uploads\/sites\/2\/2024\/05\/EditorsNote-Regular.eot');\n\tsrc: url('https:\/\/raulgalaviz.com\/cursos-de-fotografia\/wp-content\/uploads\/sites\/2\/2024\/05\/EditorsNote-Regular.eot?#iefix') format('embedded-opentype'),\n\t\turl('https:\/\/raulgalaviz.com\/cursos-de-fotografia\/wp-content\/uploads\/sites\/2\/2024\/05\/EditorsNote-Regular.woff2') format('woff2'),\n\t\turl('https:\/\/raulgalaviz.com\/cursos-de-fotografia\/wp-content\/uploads\/sites\/2\/2024\/05\/EditorsNote-Regular.woff') format('woff'),\n\t\turl('https:\/\/raulgalaviz.com\/cursos-de-fotografia\/wp-content\/uploads\/sites\/2\/2024\/05\/EditorsNote-Regular.ttf') format('truetype'),\n\t\turl('https:\/\/raulgalaviz.com\/cursos-de-fotografia\/wp-content\/uploads\/sites\/2\/2024\/05\/EditorsNote-Regular.svg#EditorNote') format('svg');\n}\n\/* End Custom Fonts CSS *\/\n<\/style>\t\t<div data-elementor-type=\"wp-post\" data-elementor-id=\"70250\" class=\"elementor elementor-70250\" data-elementor-post-type=\"ewpe\">\n\t\t\t\t<div class=\"elementor-element elementor-element-d5d1855 e-flex e-con-boxed e-con e-parent\" data-id=\"d5d1855\" data-element_type=\"container\" data-e-type=\"container\" data-settings=\"{&quot;background_background&quot;:&quot;classic&quot;,&quot;animation&quot;:&quot;none&quot;}\">\n\t\t\t\t\t<div class=\"e-con-inner\">\n\t\t<div class=\"elementor-element elementor-element-f12cfba e-flex e-con-boxed e-con e-child\" data-id=\"f12cfba\" data-element_type=\"container\" data-e-type=\"container\">\n\t\t\t\t\t<div class=\"e-con-inner\">\n\t\t\t\t<div class=\"elementor-element elementor-element-408fdec e-transform elementor-widget elementor-widget-the-event-item-image-loop\" data-id=\"408fdec\" data-element_type=\"widget\" data-e-type=\"widget\" data-settings=\"{&quot;_transform_scale_effect&quot;:{&quot;unit&quot;:&quot;px&quot;,&quot;size&quot;:1.02,&quot;sizes&quot;:[]},&quot;_transform_scale_effect_tablet&quot;:{&quot;unit&quot;:&quot;px&quot;,&quot;size&quot;:&quot;&quot;,&quot;sizes&quot;:[]},&quot;_transform_scale_effect_mobile&quot;:{&quot;unit&quot;:&quot;px&quot;,&quot;size&quot;:&quot;&quot;,&quot;sizes&quot;:[]}}\" data-widget_type=\"the-event-item-image-loop.default\">\n\t\t\t\t<div class=\"elementor-widget-container\">\n\t\t\t\t\t<a href = https:\/\/raulgalaviz.com\/cursos-de-fotografia\/evento\/retrata-curso-de-fotografia-en-puebla-mexico-abril-del-2025\/><div class=\"ewpe-featured-img\"><img decoding=\"async\" class=\"\" src=\"https:\/\/raulgalaviz.com\/cursos-de-fotografia\/wp-content\/uploads\/sites\/2\/2024\/11\/2.jpg\" alt=\"2\"><\/div><\/a>\t\t\t\t<\/div>\n\t\t\t\t<\/div>\n\t\t<div class=\"elementor-element elementor-element-2988273 e-con-full e-flex e-con e-child\" data-id=\"2988273\" data-element_type=\"container\" data-e-type=\"container\" data-settings=\"{&quot;background_background&quot;:&quot;classic&quot;,&quot;position&quot;:&quot;absolute&quot;}\">\n\t\t<div class=\"elementor-element elementor-element-f5d27d3 e-flex e-con-boxed e-con e-child\" data-id=\"f5d27d3\" data-element_type=\"container\" data-e-type=\"container\">\n\t\t\t\t\t<div class=\"e-con-inner\">\n\t\t\t\t<div class=\"elementor-element elementor-element-5912970 elementor-widget elementor-widget-the-event-schedule-details-loop\" data-id=\"5912970\" data-element_type=\"widget\" data-e-type=\"widget\" data-widget_type=\"the-event-schedule-details-loop.default\">\n\t\t\t\t<div class=\"elementor-widget-container\">\n\t\t\t\t\t<div class=\"ewpe-events-schedule\">\r\n\t\t\t\t\t\t\t\t<span class=\"ewpe-ev-mo\">Abr<\/span>\r\n\t\t\t\t\t\t\t\t<\/div>\t\t\t\t<\/div>\n\t\t\t\t<\/div>\n\t\t\t\t\t<\/div>\n\t\t\t\t<\/div>\n\t\t<div class=\"elementor-element elementor-element-f722ecb e-flex e-con-boxed e-con e-child\" data-id=\"f722ecb\" data-element_type=\"container\" data-e-type=\"container\">\n\t\t\t\t\t<div class=\"e-con-inner\">\n\t\t\t\t<div class=\"elementor-element elementor-element-c898e4c elementor-widget elementor-widget-the-event-schedule-details-loop\" data-id=\"c898e4c\" data-element_type=\"widget\" data-e-type=\"widget\" data-widget_type=\"the-event-schedule-details-loop.default\">\n\t\t\t\t<div class=\"elementor-widget-container\">\n\t\t\t\t\t<div class=\"ewpe-events-schedule\">\r\n\t\t\t\t\t\t\t\t<span class=\"ewpe-ev-day\">28<\/span>\r\n\t\t\t\t\t\t\t\t<\/div>\t\t\t\t<\/div>\n\t\t\t\t<\/div>\n\t\t\t\t\t<\/div>\n\t\t\t\t<\/div>\n\t\t\t\t<\/div>\n\t\t\t\t\t<\/div>\n\t\t\t\t<\/div>\n\t\t<div class=\"elementor-element elementor-element-5d3476c e-flex e-con-boxed e-con e-child\" data-id=\"5d3476c\" data-element_type=\"container\" data-e-type=\"container\">\n\t\t\t\t\t<div class=\"e-con-inner\">\n\t\t\t\t<div class=\"elementor-element elementor-element-32710d4 elementor-widget elementor-widget-the-event-title-loop\" data-id=\"32710d4\" data-element_type=\"widget\" data-e-type=\"widget\" data-widget_type=\"the-event-title-loop.default\">\n\t\t\t\t<div class=\"elementor-widget-container\">\n\t\t\t\t\t<a class=\"event-link\" href = https:\/\/raulgalaviz.com\/cursos-de-fotografia\/evento\/retrata-curso-de-fotografia-en-puebla-mexico-abril-del-2025\/><h5 data-event-category = \"retrata-capacitacion-para-fotografos-profesionales\" class=\"ewpe-event-title\">RETRATA curso de fotograf\u00eda en Puebla M\u00e9xico Abril 2025<\/h5><\/a>\t\t\t\t<\/div>\n\t\t\t\t<\/div>\n\t\t\t\t<div class=\"elementor-element elementor-element-516e907 elementor-widget__width-auto elementor-widget-tablet__width-auto elementor-widget elementor-widget-the-event-readmore-loop\" data-id=\"516e907\" data-element_type=\"widget\" data-e-type=\"widget\" data-widget_type=\"the-event-readmore-loop.default\">\n\t\t\t\t<div class=\"elementor-widget-container\">\n\t\t\t\t\t<div class=\"ewpe-div-readmore\"><a href = https:\/\/raulgalaviz.com\/cursos-de-fotografia\/evento\/retrata-curso-de-fotografia-en-puebla-mexico-abril-del-2025\/><div class=\"ewpe-event-readmore\">Ver m\u00e1s \u279f<\/div><\/a><\/div>\t\t\t\t<\/div>\n\t\t\t\t<\/div>\n\t\t\t\t\t<\/div>\n\t\t\t\t<\/div>\n\t\t\t\t\t<\/div>\n\t\t\t\t<\/div>\n\t\t\t\t<\/div>\n\t\t<\/div><div class=\"ewpe-inner-wrapper ewpe-grid-equalheight\">\t\t<div data-elementor-type=\"wp-post\" data-elementor-id=\"70250\" class=\"elementor elementor-70250\" data-elementor-post-type=\"ewpe\">\n\t\t\t\t<div class=\"elementor-element elementor-element-d5d1855 e-flex e-con-boxed e-con e-parent\" data-id=\"d5d1855\" data-element_type=\"container\" data-e-type=\"container\" data-settings=\"{&quot;background_background&quot;:&quot;classic&quot;,&quot;animation&quot;:&quot;none&quot;}\">\n\t\t\t\t\t<div class=\"e-con-inner\">\n\t\t<div class=\"elementor-element elementor-element-f12cfba e-flex e-con-boxed e-con e-child\" data-id=\"f12cfba\" data-element_type=\"container\" data-e-type=\"container\">\n\t\t\t\t\t<div class=\"e-con-inner\">\n\t\t\t\t<div class=\"elementor-element elementor-element-408fdec e-transform elementor-widget elementor-widget-the-event-item-image-loop\" data-id=\"408fdec\" data-element_type=\"widget\" data-e-type=\"widget\" data-settings=\"{&quot;_transform_scale_effect&quot;:{&quot;unit&quot;:&quot;px&quot;,&quot;size&quot;:1.02,&quot;sizes&quot;:[]},&quot;_transform_scale_effect_tablet&quot;:{&quot;unit&quot;:&quot;px&quot;,&quot;size&quot;:&quot;&quot;,&quot;sizes&quot;:[]},&quot;_transform_scale_effect_mobile&quot;:{&quot;unit&quot;:&quot;px&quot;,&quot;size&quot;:&quot;&quot;,&quot;sizes&quot;:[]}}\" data-widget_type=\"the-event-item-image-loop.default\">\n\t\t\t\t<div class=\"elementor-widget-container\">\n\t\t\t\t\t<a href = https:\/\/raulgalaviz.com\/cursos-de-fotografia\/evento\/retrata-curso-de-fotografia-en-la-paz-baja-california-sur\/><div class=\"ewpe-featured-img\"><img decoding=\"async\" class=\"\" src=\"https:\/\/raulgalaviz.com\/cursos-de-fotografia\/wp-content\/uploads\/sites\/2\/2024\/08\/retrata-curso-de-fotografia-en-la-paz-bajacalifornia-sur.jpg\" alt=\"retrata-curso-de-fotografia-en-la-paz-bajacalifornia-sur\"><\/div><\/a>\t\t\t\t<\/div>\n\t\t\t\t<\/div>\n\t\t<div class=\"elementor-element elementor-element-2988273 e-con-full e-flex e-con e-child\" data-id=\"2988273\" data-element_type=\"container\" data-e-type=\"container\" data-settings=\"{&quot;background_background&quot;:&quot;classic&quot;,&quot;position&quot;:&quot;absolute&quot;}\">\n\t\t<div class=\"elementor-element elementor-element-f5d27d3 e-flex e-con-boxed e-con e-child\" data-id=\"f5d27d3\" data-element_type=\"container\" data-e-type=\"container\">\n\t\t\t\t\t<div class=\"e-con-inner\">\n\t\t\t\t<div class=\"elementor-element elementor-element-5912970 elementor-widget elementor-widget-the-event-schedule-details-loop\" data-id=\"5912970\" data-element_type=\"widget\" data-e-type=\"widget\" data-widget_type=\"the-event-schedule-details-loop.default\">\n\t\t\t\t<div class=\"elementor-widget-container\">\n\t\t\t\t\t<div class=\"ewpe-events-schedule\">\r\n\t\t\t\t\t\t\t\t<span class=\"ewpe-ev-mo\">Nov<\/span>\r\n\t\t\t\t\t\t\t\t<\/div>\t\t\t\t<\/div>\n\t\t\t\t<\/div>\n\t\t\t\t\t<\/div>\n\t\t\t\t<\/div>\n\t\t<div class=\"elementor-element elementor-element-f722ecb e-flex e-con-boxed e-con e-child\" data-id=\"f722ecb\" data-element_type=\"container\" data-e-type=\"container\">\n\t\t\t\t\t<div class=\"e-con-inner\">\n\t\t\t\t<div class=\"elementor-element elementor-element-c898e4c elementor-widget elementor-widget-the-event-schedule-details-loop\" data-id=\"c898e4c\" data-element_type=\"widget\" data-e-type=\"widget\" data-widget_type=\"the-event-schedule-details-loop.default\">\n\t\t\t\t<div class=\"elementor-widget-container\">\n\t\t\t\t\t<div class=\"ewpe-events-schedule\">\r\n\t\t\t\t\t\t\t\t<span class=\"ewpe-ev-day\">24<\/span>\r\n\t\t\t\t\t\t\t\t<\/div>\t\t\t\t<\/div>\n\t\t\t\t<\/div>\n\t\t\t\t\t<\/div>\n\t\t\t\t<\/div>\n\t\t\t\t<\/div>\n\t\t\t\t\t<\/div>\n\t\t\t\t<\/div>\n\t\t<div class=\"elementor-element elementor-element-5d3476c e-flex e-con-boxed e-con e-child\" data-id=\"5d3476c\" data-element_type=\"container\" data-e-type=\"container\">\n\t\t\t\t\t<div class=\"e-con-inner\">\n\t\t\t\t<div class=\"elementor-element elementor-element-32710d4 elementor-widget elementor-widget-the-event-title-loop\" data-id=\"32710d4\" data-element_type=\"widget\" data-e-type=\"widget\" data-widget_type=\"the-event-title-loop.default\">\n\t\t\t\t<div class=\"elementor-widget-container\">\n\t\t\t\t\t<a class=\"event-link\" href = https:\/\/raulgalaviz.com\/cursos-de-fotografia\/evento\/retrata-curso-de-fotografia-en-la-paz-baja-california-sur\/><h5 data-event-category = \"retrata-capacitacion-para-fotografos-profesionales\" class=\"ewpe-event-title\">RETRATA curso de fotograf\u00eda en La Paz Baja California Sur<\/h5><\/a>\t\t\t\t<\/div>\n\t\t\t\t<\/div>\n\t\t\t\t<div class=\"elementor-element elementor-element-516e907 elementor-widget__width-auto elementor-widget-tablet__width-auto elementor-widget elementor-widget-the-event-readmore-loop\" data-id=\"516e907\" data-element_type=\"widget\" data-e-type=\"widget\" data-widget_type=\"the-event-readmore-loop.default\">\n\t\t\t\t<div class=\"elementor-widget-container\">\n\t\t\t\t\t<div class=\"ewpe-div-readmore\"><a href = https:\/\/raulgalaviz.com\/cursos-de-fotografia\/evento\/retrata-curso-de-fotografia-en-la-paz-baja-california-sur\/><div class=\"ewpe-event-readmore\">Ver m\u00e1s \u279f<\/div><\/a><\/div>\t\t\t\t<\/div>\n\t\t\t\t<\/div>\n\t\t\t\t\t<\/div>\n\t\t\t\t<\/div>\n\t\t\t\t\t<\/div>\n\t\t\t\t<\/div>\n\t\t\t\t<\/div>\n\t\t<\/div><div class=\"ewpe-inner-wrapper ewpe-grid-equalheight\">\t\t<div data-elementor-type=\"wp-post\" data-elementor-id=\"70250\" class=\"elementor elementor-70250\" data-elementor-post-type=\"ewpe\">\n\t\t\t\t<div class=\"elementor-element elementor-element-d5d1855 e-flex e-con-boxed e-con e-parent\" data-id=\"d5d1855\" data-element_type=\"container\" data-e-type=\"container\" data-settings=\"{&quot;background_background&quot;:&quot;classic&quot;,&quot;animation&quot;:&quot;none&quot;}\">\n\t\t\t\t\t<div class=\"e-con-inner\">\n\t\t<div class=\"elementor-element elementor-element-f12cfba e-flex e-con-boxed e-con e-child\" data-id=\"f12cfba\" data-element_type=\"container\" data-e-type=\"container\">\n\t\t\t\t\t<div class=\"e-con-inner\">\n\t\t\t\t<div class=\"elementor-element elementor-element-408fdec e-transform elementor-widget elementor-widget-the-event-item-image-loop\" data-id=\"408fdec\" data-element_type=\"widget\" data-e-type=\"widget\" data-settings=\"{&quot;_transform_scale_effect&quot;:{&quot;unit&quot;:&quot;px&quot;,&quot;size&quot;:1.02,&quot;sizes&quot;:[]},&quot;_transform_scale_effect_tablet&quot;:{&quot;unit&quot;:&quot;px&quot;,&quot;size&quot;:&quot;&quot;,&quot;sizes&quot;:[]},&quot;_transform_scale_effect_mobile&quot;:{&quot;unit&quot;:&quot;px&quot;,&quot;size&quot;:&quot;&quot;,&quot;sizes&quot;:[]}}\" data-widget_type=\"the-event-item-image-loop.default\">\n\t\t\t\t<div class=\"elementor-widget-container\">\n\t\t\t\t\t<a href = https:\/\/raulgalaviz.com\/cursos-de-fotografia\/evento\/taller-de-fotografia-retrata-guadalajara-octubre-2024\/><div class=\"ewpe-featured-img\"><img decoding=\"async\" class=\"\" src=\"https:\/\/raulgalaviz.com\/cursos-de-fotografia\/wp-content\/uploads\/sites\/2\/2024\/08\/grupo-retrata-guadalajara-sexta-generacion-instructor-raulgalaviz-scaled.jpg\" alt=\"grupo-retrata-guadalajara-sexta-generacion-instructor-raulgalaviz\"><\/div><\/a>\t\t\t\t<\/div>\n\t\t\t\t<\/div>\n\t\t<div class=\"elementor-element elementor-element-2988273 e-con-full e-flex e-con e-child\" data-id=\"2988273\" data-element_type=\"container\" data-e-type=\"container\" data-settings=\"{&quot;background_background&quot;:&quot;classic&quot;,&quot;position&quot;:&quot;absolute&quot;}\">\n\t\t<div class=\"elementor-element elementor-element-f5d27d3 e-flex e-con-boxed e-con e-child\" data-id=\"f5d27d3\" data-element_type=\"container\" data-e-type=\"container\">\n\t\t\t\t\t<div class=\"e-con-inner\">\n\t\t\t\t<div class=\"elementor-element elementor-element-5912970 elementor-widget elementor-widget-the-event-schedule-details-loop\" data-id=\"5912970\" data-element_type=\"widget\" data-e-type=\"widget\" data-widget_type=\"the-event-schedule-details-loop.default\">\n\t\t\t\t<div class=\"elementor-widget-container\">\n\t\t\t\t\t<div class=\"ewpe-events-schedule\">\r\n\t\t\t\t\t\t\t\t<span class=\"ewpe-ev-mo\">Oct<\/span>\r\n\t\t\t\t\t\t\t\t<\/div>\t\t\t\t<\/div>\n\t\t\t\t<\/div>\n\t\t\t\t\t<\/div>\n\t\t\t\t<\/div>\n\t\t<div class=\"elementor-element elementor-element-f722ecb e-flex e-con-boxed e-con e-child\" data-id=\"f722ecb\" data-element_type=\"container\" data-e-type=\"container\">\n\t\t\t\t\t<div class=\"e-con-inner\">\n\t\t\t\t<div class=\"elementor-element elementor-element-c898e4c elementor-widget elementor-widget-the-event-schedule-details-loop\" data-id=\"c898e4c\" data-element_type=\"widget\" data-e-type=\"widget\" data-widget_type=\"the-event-schedule-details-loop.default\">\n\t\t\t\t<div class=\"elementor-widget-container\">\n\t\t\t\t\t<div class=\"ewpe-events-schedule\">\r\n\t\t\t\t\t\t\t\t<span class=\"ewpe-ev-day\">29<\/span>\r\n\t\t\t\t\t\t\t\t<\/div>\t\t\t\t<\/div>\n\t\t\t\t<\/div>\n\t\t\t\t\t<\/div>\n\t\t\t\t<\/div>\n\t\t\t\t<\/div>\n\t\t\t\t\t<\/div>\n\t\t\t\t<\/div>\n\t\t<div class=\"elementor-element elementor-element-5d3476c e-flex e-con-boxed e-con e-child\" data-id=\"5d3476c\" data-element_type=\"container\" data-e-type=\"container\">\n\t\t\t\t\t<div class=\"e-con-inner\">\n\t\t\t\t<div class=\"elementor-element elementor-element-32710d4 elementor-widget elementor-widget-the-event-title-loop\" data-id=\"32710d4\" data-element_type=\"widget\" data-e-type=\"widget\" data-widget_type=\"the-event-title-loop.default\">\n\t\t\t\t<div class=\"elementor-widget-container\">\n\t\t\t\t\t<a class=\"event-link\" href = https:\/\/raulgalaviz.com\/cursos-de-fotografia\/evento\/taller-de-fotografia-retrata-guadalajara-octubre-2024\/><h5 data-event-category = \"retrata-capacitacion-para-fotografos-profesionales\" class=\"ewpe-event-title\">Taller de fotograf\u00eda RETRATA Guadalajara Octubre 2024<\/h5><\/a>\t\t\t\t<\/div>\n\t\t\t\t<\/div>\n\t\t\t\t<div class=\"elementor-element elementor-element-516e907 elementor-widget__width-auto elementor-widget-tablet__width-auto elementor-widget elementor-widget-the-event-readmore-loop\" data-id=\"516e907\" data-element_type=\"widget\" data-e-type=\"widget\" data-widget_type=\"the-event-readmore-loop.default\">\n\t\t\t\t<div class=\"elementor-widget-container\">\n\t\t\t\t\t<div class=\"ewpe-div-readmore\"><a href = https:\/\/raulgalaviz.com\/cursos-de-fotografia\/evento\/taller-de-fotografia-retrata-guadalajara-octubre-2024\/><div class=\"ewpe-event-readmore\">Ver m\u00e1s \u279f<\/div><\/a><\/div>\t\t\t\t<\/div>\n\t\t\t\t<\/div>\n\t\t\t\t\t<\/div>\n\t\t\t\t<\/div>\n\t\t\t\t\t<\/div>\n\t\t\t\t<\/div>\n\t\t\t\t<\/div>\n\t\t<\/div><div class=\"ewpe-inner-wrapper ewpe-grid-equalheight\">\t\t<div data-elementor-type=\"wp-post\" data-elementor-id=\"70250\" class=\"elementor elementor-70250\" data-elementor-post-type=\"ewpe\">\n\t\t\t\t<div class=\"elementor-element elementor-element-d5d1855 e-flex e-con-boxed e-con e-parent\" data-id=\"d5d1855\" data-element_type=\"container\" data-e-type=\"container\" data-settings=\"{&quot;background_background&quot;:&quot;classic&quot;,&quot;animation&quot;:&quot;none&quot;}\">\n\t\t\t\t\t<div class=\"e-con-inner\">\n\t\t<div class=\"elementor-element elementor-element-f12cfba e-flex e-con-boxed e-con e-child\" data-id=\"f12cfba\" data-element_type=\"container\" data-e-type=\"container\">\n\t\t\t\t\t<div class=\"e-con-inner\">\n\t\t\t\t<div class=\"elementor-element elementor-element-408fdec e-transform elementor-widget elementor-widget-the-event-item-image-loop\" data-id=\"408fdec\" data-element_type=\"widget\" data-e-type=\"widget\" data-settings=\"{&quot;_transform_scale_effect&quot;:{&quot;unit&quot;:&quot;px&quot;,&quot;size&quot;:1.02,&quot;sizes&quot;:[]},&quot;_transform_scale_effect_tablet&quot;:{&quot;unit&quot;:&quot;px&quot;,&quot;size&quot;:&quot;&quot;,&quot;sizes&quot;:[]},&quot;_transform_scale_effect_mobile&quot;:{&quot;unit&quot;:&quot;px&quot;,&quot;size&quot;:&quot;&quot;,&quot;sizes&quot;:[]}}\" data-widget_type=\"the-event-item-image-loop.default\">\n\t\t\t\t<div class=\"elementor-widget-container\">\n\t\t\t\t\t<a href = https:\/\/raulgalaviz.com\/cursos-de-fotografia\/evento\/taller-de-fotografia-retrata-puebla-mex-agosto-2024\/><div class=\"ewpe-featured-img\"><img decoding=\"async\" class=\"\" src=\"https:\/\/raulgalaviz.com\/cursos-de-fotografia\/wp-content\/uploads\/sites\/2\/2024\/09\/cursos-de-fotografia-en-puebla-retrata-sexta-generacion-instructor-raulgalaviz-48.jpg\" alt=\"cursos-de-fotografia-en-puebla-retrata-sexta-generacion-instructor-raulgalaviz-48\"><\/div><\/a>\t\t\t\t<\/div>\n\t\t\t\t<\/div>\n\t\t<div class=\"elementor-element elementor-element-2988273 e-con-full e-flex e-con e-child\" data-id=\"2988273\" data-element_type=\"container\" data-e-type=\"container\" data-settings=\"{&quot;background_background&quot;:&quot;classic&quot;,&quot;position&quot;:&quot;absolute&quot;}\">\n\t\t<div class=\"elementor-element elementor-element-f5d27d3 e-flex e-con-boxed e-con e-child\" data-id=\"f5d27d3\" data-element_type=\"container\" data-e-type=\"container\">\n\t\t\t\t\t<div class=\"e-con-inner\">\n\t\t\t\t<div class=\"elementor-element elementor-element-5912970 elementor-widget elementor-widget-the-event-schedule-details-loop\" data-id=\"5912970\" data-element_type=\"widget\" data-e-type=\"widget\" data-widget_type=\"the-event-schedule-details-loop.default\">\n\t\t\t\t<div class=\"elementor-widget-container\">\n\t\t\t\t\t<div class=\"ewpe-events-schedule\">\r\n\t\t\t\t\t\t\t\t<span class=\"ewpe-ev-mo\">Ago<\/span>\r\n\t\t\t\t\t\t\t\t<\/div>\t\t\t\t<\/div>\n\t\t\t\t<\/div>\n\t\t\t\t\t<\/div>\n\t\t\t\t<\/div>\n\t\t<div class=\"elementor-element elementor-element-f722ecb e-flex e-con-boxed e-con e-child\" data-id=\"f722ecb\" data-element_type=\"container\" data-e-type=\"container\">\n\t\t\t\t\t<div class=\"e-con-inner\">\n\t\t\t\t<div class=\"elementor-element elementor-element-c898e4c elementor-widget elementor-widget-the-event-schedule-details-loop\" data-id=\"c898e4c\" data-element_type=\"widget\" data-e-type=\"widget\" data-widget_type=\"the-event-schedule-details-loop.default\">\n\t\t\t\t<div class=\"elementor-widget-container\">\n\t\t\t\t\t<div class=\"ewpe-events-schedule\">\r\n\t\t\t\t\t\t\t\t<span class=\"ewpe-ev-day\">27<\/span>\r\n\t\t\t\t\t\t\t\t<\/div>\t\t\t\t<\/div>\n\t\t\t\t<\/div>\n\t\t\t\t\t<\/div>\n\t\t\t\t<\/div>\n\t\t\t\t<\/div>\n\t\t\t\t\t<\/div>\n\t\t\t\t<\/div>\n\t\t<div class=\"elementor-element elementor-element-5d3476c e-flex e-con-boxed e-con e-child\" data-id=\"5d3476c\" data-element_type=\"container\" data-e-type=\"container\">\n\t\t\t\t\t<div class=\"e-con-inner\">\n\t\t\t\t<div class=\"elementor-element elementor-element-32710d4 elementor-widget elementor-widget-the-event-title-loop\" data-id=\"32710d4\" data-element_type=\"widget\" data-e-type=\"widget\" data-widget_type=\"the-event-title-loop.default\">\n\t\t\t\t<div class=\"elementor-widget-container\">\n\t\t\t\t\t<a class=\"event-link\" href = https:\/\/raulgalaviz.com\/cursos-de-fotografia\/evento\/taller-de-fotografia-retrata-puebla-mex-agosto-2024\/><h5 data-event-category = \"capacitacion-para-fotografos-profesionales\" class=\"ewpe-event-title\">Taller de fotograf\u00eda RETRATA Puebla mex Agosto 2024<\/h5><\/a>\t\t\t\t<\/div>\n\t\t\t\t<\/div>\n\t\t\t\t<div class=\"elementor-element elementor-element-516e907 elementor-widget__width-auto elementor-widget-tablet__width-auto elementor-widget elementor-widget-the-event-readmore-loop\" data-id=\"516e907\" data-element_type=\"widget\" data-e-type=\"widget\" data-widget_type=\"the-event-readmore-loop.default\">\n\t\t\t\t<div class=\"elementor-widget-container\">\n\t\t\t\t\t<div class=\"ewpe-div-readmore\"><a href = https:\/\/raulgalaviz.com\/cursos-de-fotografia\/evento\/taller-de-fotografia-retrata-puebla-mex-agosto-2024\/><div class=\"ewpe-event-readmore\">Ver m\u00e1s \u279f<\/div><\/a><\/div>\t\t\t\t<\/div>\n\t\t\t\t<\/div>\n\t\t\t\t\t<\/div>\n\t\t\t\t<\/div>\n\t\t\t\t\t<\/div>\n\t\t\t\t<\/div>\n\t\t\t\t<\/div>\n\t\t<\/div><div class=\"ewpe-inner-wrapper ewpe-grid-equalheight\">\t\t<div data-elementor-type=\"wp-post\" data-elementor-id=\"70250\" class=\"elementor elementor-70250\" data-elementor-post-type=\"ewpe\">\n\t\t\t\t<div class=\"elementor-element elementor-element-d5d1855 e-flex e-con-boxed e-con e-parent\" data-id=\"d5d1855\" data-element_type=\"container\" data-e-type=\"container\" data-settings=\"{&quot;background_background&quot;:&quot;classic&quot;,&quot;animation&quot;:&quot;none&quot;}\">\n\t\t\t\t\t<div class=\"e-con-inner\">\n\t\t<div class=\"elementor-element elementor-element-f12cfba e-flex e-con-boxed e-con e-child\" data-id=\"f12cfba\" data-element_type=\"container\" data-e-type=\"container\">\n\t\t\t\t\t<div class=\"e-con-inner\">\n\t\t\t\t<div class=\"elementor-element elementor-element-408fdec e-transform elementor-widget elementor-widget-the-event-item-image-loop\" data-id=\"408fdec\" data-element_type=\"widget\" data-e-type=\"widget\" data-settings=\"{&quot;_transform_scale_effect&quot;:{&quot;unit&quot;:&quot;px&quot;,&quot;size&quot;:1.02,&quot;sizes&quot;:[]},&quot;_transform_scale_effect_tablet&quot;:{&quot;unit&quot;:&quot;px&quot;,&quot;size&quot;:&quot;&quot;,&quot;sizes&quot;:[]},&quot;_transform_scale_effect_mobile&quot;:{&quot;unit&quot;:&quot;px&quot;,&quot;size&quot;:&quot;&quot;,&quot;sizes&quot;:[]}}\" data-widget_type=\"the-event-item-image-loop.default\">\n\t\t\t\t<div class=\"elementor-widget-container\">\n\t\t\t\t\t<a href = https:\/\/raulgalaviz.com\/cursos-de-fotografia\/evento\/retrata-guadalajara-junio-2024\/><div class=\"ewpe-featured-img\"><img decoding=\"async\" class=\"\" src=\"https:\/\/raulgalaviz.com\/cursos-de-fotografia\/wp-content\/uploads\/sites\/2\/2024\/06\/retrata-guadalajara-quinta-generacion-cursos-de-fotografia-1-scaled.jpg\" alt=\"retrata-guadalajara-quinta-generacion-cursos-de-fotografia-1\"><\/div><\/a>\t\t\t\t<\/div>\n\t\t\t\t<\/div>\n\t\t<div class=\"elementor-element elementor-element-2988273 e-con-full e-flex e-con e-child\" data-id=\"2988273\" data-element_type=\"container\" data-e-type=\"container\" data-settings=\"{&quot;background_background&quot;:&quot;classic&quot;,&quot;position&quot;:&quot;absolute&quot;}\">\n\t\t<div class=\"elementor-element elementor-element-f5d27d3 e-flex e-con-boxed e-con e-child\" data-id=\"f5d27d3\" data-element_type=\"container\" data-e-type=\"container\">\n\t\t\t\t\t<div class=\"e-con-inner\">\n\t\t\t\t<div class=\"elementor-element elementor-element-5912970 elementor-widget elementor-widget-the-event-schedule-details-loop\" data-id=\"5912970\" data-element_type=\"widget\" data-e-type=\"widget\" data-widget_type=\"the-event-schedule-details-loop.default\">\n\t\t\t\t<div class=\"elementor-widget-container\">\n\t\t\t\t\t<div class=\"ewpe-events-schedule\">\r\n\t\t\t\t\t\t\t\t<span class=\"ewpe-ev-mo\">Jun<\/span>\r\n\t\t\t\t\t\t\t\t<\/div>\t\t\t\t<\/div>\n\t\t\t\t<\/div>\n\t\t\t\t\t<\/div>\n\t\t\t\t<\/div>\n\t\t<div class=\"elementor-element elementor-element-f722ecb e-flex e-con-boxed e-con e-child\" data-id=\"f722ecb\" data-element_type=\"container\" data-e-type=\"container\">\n\t\t\t\t\t<div class=\"e-con-inner\">\n\t\t\t\t<div class=\"elementor-element elementor-element-c898e4c elementor-widget elementor-widget-the-event-schedule-details-loop\" data-id=\"c898e4c\" data-element_type=\"widget\" data-e-type=\"widget\" data-widget_type=\"the-event-schedule-details-loop.default\">\n\t\t\t\t<div class=\"elementor-widget-container\">\n\t\t\t\t\t<div class=\"ewpe-events-schedule\">\r\n\t\t\t\t\t\t\t\t<span class=\"ewpe-ev-day\">25<\/span>\r\n\t\t\t\t\t\t\t\t<\/div>\t\t\t\t<\/div>\n\t\t\t\t<\/div>\n\t\t\t\t\t<\/div>\n\t\t\t\t<\/div>\n\t\t\t\t<\/div>\n\t\t\t\t\t<\/div>\n\t\t\t\t<\/div>\n\t\t<div class=\"elementor-element elementor-element-5d3476c e-flex e-con-boxed e-con e-child\" data-id=\"5d3476c\" data-element_type=\"container\" data-e-type=\"container\">\n\t\t\t\t\t<div class=\"e-con-inner\">\n\t\t\t\t<div class=\"elementor-element elementor-element-32710d4 elementor-widget elementor-widget-the-event-title-loop\" data-id=\"32710d4\" data-element_type=\"widget\" data-e-type=\"widget\" data-widget_type=\"the-event-title-loop.default\">\n\t\t\t\t<div class=\"elementor-widget-container\">\n\t\t\t\t\t<a class=\"event-link\" href = https:\/\/raulgalaviz.com\/cursos-de-fotografia\/evento\/retrata-guadalajara-junio-2024\/><h5 data-event-category = \"retrata-capacitacion-para-fotografos-profesionales\" class=\"ewpe-event-title\">Retrata Guadalajara junio 2024<\/h5><\/a>\t\t\t\t<\/div>\n\t\t\t\t<\/div>\n\t\t\t\t<div class=\"elementor-element elementor-element-516e907 elementor-widget__width-auto elementor-widget-tablet__width-auto elementor-widget elementor-widget-the-event-readmore-loop\" data-id=\"516e907\" data-element_type=\"widget\" data-e-type=\"widget\" data-widget_type=\"the-event-readmore-loop.default\">\n\t\t\t\t<div class=\"elementor-widget-container\">\n\t\t\t\t\t<div class=\"ewpe-div-readmore\"><a href = https:\/\/raulgalaviz.com\/cursos-de-fotografia\/evento\/retrata-guadalajara-junio-2024\/><div class=\"ewpe-event-readmore\">Ver m\u00e1s \u279f<\/div><\/a><\/div>\t\t\t\t<\/div>\n\t\t\t\t<\/div>\n\t\t\t\t\t<\/div>\n\t\t\t\t<\/div>\n\t\t\t\t\t<\/div>\n\t\t\t\t<\/div>\n\t\t\t\t<\/div>\n\t\t<\/div><div class=\"ewpe-inner-wrapper ewpe-grid-equalheight\">\t\t<div data-elementor-type=\"wp-post\" data-elementor-id=\"70250\" class=\"elementor elementor-70250\" data-elementor-post-type=\"ewpe\">\n\t\t\t\t<div class=\"elementor-element elementor-element-d5d1855 e-flex e-con-boxed e-con e-parent\" data-id=\"d5d1855\" data-element_type=\"container\" data-e-type=\"container\" data-settings=\"{&quot;background_background&quot;:&quot;classic&quot;,&quot;animation&quot;:&quot;none&quot;}\">\n\t\t\t\t\t<div class=\"e-con-inner\">\n\t\t<div class=\"elementor-element elementor-element-f12cfba e-flex e-con-boxed e-con e-child\" data-id=\"f12cfba\" data-element_type=\"container\" data-e-type=\"container\">\n\t\t\t\t\t<div class=\"e-con-inner\">\n\t\t\t\t<div class=\"elementor-element elementor-element-408fdec e-transform elementor-widget elementor-widget-the-event-item-image-loop\" data-id=\"408fdec\" data-element_type=\"widget\" data-e-type=\"widget\" data-settings=\"{&quot;_transform_scale_effect&quot;:{&quot;unit&quot;:&quot;px&quot;,&quot;size&quot;:1.02,&quot;sizes&quot;:[]},&quot;_transform_scale_effect_tablet&quot;:{&quot;unit&quot;:&quot;px&quot;,&quot;size&quot;:&quot;&quot;,&quot;sizes&quot;:[]},&quot;_transform_scale_effect_mobile&quot;:{&quot;unit&quot;:&quot;px&quot;,&quot;size&quot;:&quot;&quot;,&quot;sizes&quot;:[]}}\" data-widget_type=\"the-event-item-image-loop.default\">\n\t\t\t\t<div class=\"elementor-widget-container\">\n\t\t\t\t\t<a href = https:\/\/raulgalaviz.com\/cursos-de-fotografia\/evento\/retrata-puebla-mex-abril-2024\/><div class=\"ewpe-featured-img\"><img decoding=\"async\" class=\"\" src=\"https:\/\/raulgalaviz.com\/cursos-de-fotografia\/wp-content\/uploads\/sites\/2\/2023\/12\/curso-de-fotografia-retrata-puebla-5-generacion-instructor-raulgalaviz-1.jpg\" alt=\"curso-de-fotografia-retrata-puebla-5-generacion-instructor-raulgalaviz-1\"><\/div><\/a>\t\t\t\t<\/div>\n\t\t\t\t<\/div>\n\t\t<div class=\"elementor-element elementor-element-2988273 e-con-full e-flex e-con e-child\" data-id=\"2988273\" data-element_type=\"container\" data-e-type=\"container\" data-settings=\"{&quot;background_background&quot;:&quot;classic&quot;,&quot;position&quot;:&quot;absolute&quot;}\">\n\t\t<div class=\"elementor-element elementor-element-f5d27d3 e-flex e-con-boxed e-con e-child\" data-id=\"f5d27d3\" data-element_type=\"container\" data-e-type=\"container\">\n\t\t\t\t\t<div class=\"e-con-inner\">\n\t\t\t\t<div class=\"elementor-element elementor-element-5912970 elementor-widget elementor-widget-the-event-schedule-details-loop\" data-id=\"5912970\" data-element_type=\"widget\" data-e-type=\"widget\" data-widget_type=\"the-event-schedule-details-loop.default\">\n\t\t\t\t<div class=\"elementor-widget-container\">\n\t\t\t\t\t<div class=\"ewpe-events-schedule\">\r\n\t\t\t\t\t\t\t\t<span class=\"ewpe-ev-mo\">Abr<\/span>\r\n\t\t\t\t\t\t\t\t<\/div>\t\t\t\t<\/div>\n\t\t\t\t<\/div>\n\t\t\t\t\t<\/div>\n\t\t\t\t<\/div>\n\t\t<div class=\"elementor-element elementor-element-f722ecb e-flex e-con-boxed e-con e-child\" data-id=\"f722ecb\" data-element_type=\"container\" data-e-type=\"container\">\n\t\t\t\t\t<div class=\"e-con-inner\">\n\t\t\t\t<div class=\"elementor-element elementor-element-c898e4c elementor-widget elementor-widget-the-event-schedule-details-loop\" data-id=\"c898e4c\" data-element_type=\"widget\" data-e-type=\"widget\" data-widget_type=\"the-event-schedule-details-loop.default\">\n\t\t\t\t<div class=\"elementor-widget-container\">\n\t\t\t\t\t<div class=\"ewpe-events-schedule\">\r\n\t\t\t\t\t\t\t\t<span class=\"ewpe-ev-day\">24<\/span>\r\n\t\t\t\t\t\t\t\t<\/div>\t\t\t\t<\/div>\n\t\t\t\t<\/div>\n\t\t\t\t\t<\/div>\n\t\t\t\t<\/div>\n\t\t\t\t<\/div>\n\t\t\t\t\t<\/div>\n\t\t\t\t<\/div>\n\t\t<div class=\"elementor-element elementor-element-5d3476c e-flex e-con-boxed e-con e-child\" data-id=\"5d3476c\" data-element_type=\"container\" data-e-type=\"container\">\n\t\t\t\t\t<div class=\"e-con-inner\">\n\t\t\t\t<div class=\"elementor-element elementor-element-32710d4 elementor-widget elementor-widget-the-event-title-loop\" data-id=\"32710d4\" data-element_type=\"widget\" data-e-type=\"widget\" data-widget_type=\"the-event-title-loop.default\">\n\t\t\t\t<div class=\"elementor-widget-container\">\n\t\t\t\t\t<a class=\"event-link\" href = https:\/\/raulgalaviz.com\/cursos-de-fotografia\/evento\/retrata-puebla-mex-abril-2024\/><h5 data-event-category = \"retrata-capacitacion-para-fotografos-profesionales\" class=\"ewpe-event-title\">RETRATA PUEBLA MEX. ABRIL 2024<\/h5><\/a>\t\t\t\t<\/div>\n\t\t\t\t<\/div>\n\t\t\t\t<div class=\"elementor-element elementor-element-516e907 elementor-widget__width-auto elementor-widget-tablet__width-auto elementor-widget elementor-widget-the-event-readmore-loop\" data-id=\"516e907\" data-element_type=\"widget\" data-e-type=\"widget\" data-widget_type=\"the-event-readmore-loop.default\">\n\t\t\t\t<div class=\"elementor-widget-container\">\n\t\t\t\t\t<div class=\"ewpe-div-readmore\"><a href = https:\/\/raulgalaviz.com\/cursos-de-fotografia\/evento\/retrata-puebla-mex-abril-2024\/><div class=\"ewpe-event-readmore\">Ver m\u00e1s \u279f<\/div><\/a><\/div>\t\t\t\t<\/div>\n\t\t\t\t<\/div>\n\t\t\t\t\t<\/div>\n\t\t\t\t<\/div>\n\t\t\t\t\t<\/div>\n\t\t\t\t<\/div>\n\t\t\t\t<\/div>\n\t\t<\/div><div class=\"ewpe-inner-wrapper ewpe-grid-equalheight\">\t\t<div data-elementor-type=\"wp-post\" data-elementor-id=\"70250\" class=\"elementor elementor-70250\" data-elementor-post-type=\"ewpe\">\n\t\t\t\t<div class=\"elementor-element elementor-element-d5d1855 e-flex e-con-boxed e-con e-parent\" data-id=\"d5d1855\" data-element_type=\"container\" data-e-type=\"container\" data-settings=\"{&quot;background_background&quot;:&quot;classic&quot;,&quot;animation&quot;:&quot;none&quot;}\">\n\t\t\t\t\t<div class=\"e-con-inner\">\n\t\t<div class=\"elementor-element elementor-element-f12cfba e-flex e-con-boxed e-con e-child\" data-id=\"f12cfba\" data-element_type=\"container\" data-e-type=\"container\">\n\t\t\t\t\t<div class=\"e-con-inner\">\n\t\t\t\t<div class=\"elementor-element elementor-element-408fdec e-transform elementor-widget elementor-widget-the-event-item-image-loop\" data-id=\"408fdec\" data-element_type=\"widget\" data-e-type=\"widget\" data-settings=\"{&quot;_transform_scale_effect&quot;:{&quot;unit&quot;:&quot;px&quot;,&quot;size&quot;:1.02,&quot;sizes&quot;:[]},&quot;_transform_scale_effect_tablet&quot;:{&quot;unit&quot;:&quot;px&quot;,&quot;size&quot;:&quot;&quot;,&quot;sizes&quot;:[]},&quot;_transform_scale_effect_mobile&quot;:{&quot;unit&quot;:&quot;px&quot;,&quot;size&quot;:&quot;&quot;,&quot;sizes&quot;:[]}}\" data-widget_type=\"the-event-item-image-loop.default\">\n\t\t\t\t<div class=\"elementor-widget-container\">\n\t\t\t\t\t<a href = https:\/\/raulgalaviz.com\/cursos-de-fotografia\/evento\/retrata-tijuana-marzo-2024\/><div class=\"ewpe-featured-img\"><img decoding=\"async\" class=\"\" src=\"https:\/\/raulgalaviz.com\/cursos-de-fotografia\/wp-content\/uploads\/sites\/2\/2023\/12\/cursos-de-fotografia-con-raul-galaviz-taller-retrata-tijuana-fotos-modelos-primer-generacion-1.jpg\" alt=\"cursos-de-fotografia-con-raul-galaviz-taller-retrata-tijuana-fotos-modelos-primer-generacion-1\"><\/div><\/a>\t\t\t\t<\/div>\n\t\t\t\t<\/div>\n\t\t<div class=\"elementor-element elementor-element-2988273 e-con-full e-flex e-con e-child\" data-id=\"2988273\" data-element_type=\"container\" data-e-type=\"container\" data-settings=\"{&quot;background_background&quot;:&quot;classic&quot;,&quot;position&quot;:&quot;absolute&quot;}\">\n\t\t<div class=\"elementor-element elementor-element-f5d27d3 e-flex e-con-boxed e-con e-child\" data-id=\"f5d27d3\" data-element_type=\"container\" data-e-type=\"container\">\n\t\t\t\t\t<div class=\"e-con-inner\">\n\t\t\t\t<div class=\"elementor-element elementor-element-5912970 elementor-widget elementor-widget-the-event-schedule-details-loop\" data-id=\"5912970\" data-element_type=\"widget\" data-e-type=\"widget\" data-widget_type=\"the-event-schedule-details-loop.default\">\n\t\t\t\t<div class=\"elementor-widget-container\">\n\t\t\t\t\t<div class=\"ewpe-events-schedule\">\r\n\t\t\t\t\t\t\t\t<span class=\"ewpe-ev-mo\">Mar<\/span>\r\n\t\t\t\t\t\t\t\t<\/div>\t\t\t\t<\/div>\n\t\t\t\t<\/div>\n\t\t\t\t\t<\/div>\n\t\t\t\t<\/div>\n\t\t<div class=\"elementor-element elementor-element-f722ecb e-flex e-con-boxed e-con e-child\" data-id=\"f722ecb\" data-element_type=\"container\" data-e-type=\"container\">\n\t\t\t\t\t<div class=\"e-con-inner\">\n\t\t\t\t<div class=\"elementor-element elementor-element-c898e4c elementor-widget elementor-widget-the-event-schedule-details-loop\" data-id=\"c898e4c\" data-element_type=\"widget\" data-e-type=\"widget\" data-widget_type=\"the-event-schedule-details-loop.default\">\n\t\t\t\t<div class=\"elementor-widget-container\">\n\t\t\t\t\t<div class=\"ewpe-events-schedule\">\r\n\t\t\t\t\t\t\t\t<span class=\"ewpe-ev-day\">26<\/span>\r\n\t\t\t\t\t\t\t\t<\/div>\t\t\t\t<\/div>\n\t\t\t\t<\/div>\n\t\t\t\t\t<\/div>\n\t\t\t\t<\/div>\n\t\t\t\t<\/div>\n\t\t\t\t\t<\/div>\n\t\t\t\t<\/div>\n\t\t<div class=\"elementor-element elementor-element-5d3476c e-flex e-con-boxed e-con e-child\" data-id=\"5d3476c\" data-element_type=\"container\" data-e-type=\"container\">\n\t\t\t\t\t<div class=\"e-con-inner\">\n\t\t\t\t<div class=\"elementor-element elementor-element-32710d4 elementor-widget elementor-widget-the-event-title-loop\" data-id=\"32710d4\" data-element_type=\"widget\" data-e-type=\"widget\" data-widget_type=\"the-event-title-loop.default\">\n\t\t\t\t<div class=\"elementor-widget-container\">\n\t\t\t\t\t<a class=\"event-link\" href = https:\/\/raulgalaviz.com\/cursos-de-fotografia\/evento\/retrata-tijuana-marzo-2024\/><h5 data-event-category = \"retrata-capacitacion-para-fotografos-profesionales\" class=\"ewpe-event-title\">RETRATA TIJUANA MARZO 2024<\/h5><\/a>\t\t\t\t<\/div>\n\t\t\t\t<\/div>\n\t\t\t\t<div class=\"elementor-element elementor-element-516e907 elementor-widget__width-auto elementor-widget-tablet__width-auto elementor-widget elementor-widget-the-event-readmore-loop\" data-id=\"516e907\" data-element_type=\"widget\" data-e-type=\"widget\" data-widget_type=\"the-event-readmore-loop.default\">\n\t\t\t\t<div class=\"elementor-widget-container\">\n\t\t\t\t\t<div class=\"ewpe-div-readmore\"><a href = https:\/\/raulgalaviz.com\/cursos-de-fotografia\/evento\/retrata-tijuana-marzo-2024\/><div class=\"ewpe-event-readmore\">Ver m\u00e1s \u279f<\/div><\/a><\/div>\t\t\t\t<\/div>\n\t\t\t\t<\/div>\n\t\t\t\t\t<\/div>\n\t\t\t\t<\/div>\n\t\t\t\t\t<\/div>\n\t\t\t\t<\/div>\n\t\t\t\t<\/div>\n\t\t<\/div><div class=\"ewpe-inner-wrapper ewpe-grid-equalheight\">\t\t<div data-elementor-type=\"wp-post\" data-elementor-id=\"70250\" class=\"elementor elementor-70250\" data-elementor-post-type=\"ewpe\">\n\t\t\t\t<div class=\"elementor-element elementor-element-d5d1855 e-flex e-con-boxed e-con e-parent\" data-id=\"d5d1855\" data-element_type=\"container\" data-e-type=\"container\" data-settings=\"{&quot;background_background&quot;:&quot;classic&quot;,&quot;animation&quot;:&quot;none&quot;}\">\n\t\t\t\t\t<div class=\"e-con-inner\">\n\t\t<div class=\"elementor-element elementor-element-f12cfba e-flex e-con-boxed e-con e-child\" data-id=\"f12cfba\" data-element_type=\"container\" data-e-type=\"container\">\n\t\t\t\t\t<div class=\"e-con-inner\">\n\t\t\t\t<div class=\"elementor-element elementor-element-408fdec e-transform elementor-widget elementor-widget-the-event-item-image-loop\" data-id=\"408fdec\" data-element_type=\"widget\" data-e-type=\"widget\" data-settings=\"{&quot;_transform_scale_effect&quot;:{&quot;unit&quot;:&quot;px&quot;,&quot;size&quot;:1.02,&quot;sizes&quot;:[]},&quot;_transform_scale_effect_tablet&quot;:{&quot;unit&quot;:&quot;px&quot;,&quot;size&quot;:&quot;&quot;,&quot;sizes&quot;:[]},&quot;_transform_scale_effect_mobile&quot;:{&quot;unit&quot;:&quot;px&quot;,&quot;size&quot;:&quot;&quot;,&quot;sizes&quot;:[]}}\" data-widget_type=\"the-event-item-image-loop.default\">\n\t\t\t\t<div class=\"elementor-widget-container\">\n\t\t\t\t\t<a href = https:\/\/raulgalaviz.com\/cursos-de-fotografia\/evento\/retrata-conferencia-de-fotografia-en-unid-campus-tijuana\/><div class=\"ewpe-featured-img\"><img decoding=\"async\" class=\"\" src=\"https:\/\/raulgalaviz.com\/cursos-de-fotografia\/wp-content\/uploads\/sites\/2\/2024\/03\/cursos-de-fotografia-con-raul-galaviz-conferencia-retrata-tijuana-fotos-unid-campus-tijuana-1.jpg\" alt=\"cursos-de-fotografia-con-raul-galaviz-conferencia-retrata-tijuana-fotos-unid-campus-tijuana-1\"><\/div><\/a>\t\t\t\t<\/div>\n\t\t\t\t<\/div>\n\t\t<div class=\"elementor-element elementor-element-2988273 e-con-full e-flex e-con e-child\" data-id=\"2988273\" data-element_type=\"container\" data-e-type=\"container\" data-settings=\"{&quot;background_background&quot;:&quot;classic&quot;,&quot;position&quot;:&quot;absolute&quot;}\">\n\t\t<div class=\"elementor-element elementor-element-f5d27d3 e-flex e-con-boxed e-con e-child\" data-id=\"f5d27d3\" data-element_type=\"container\" data-e-type=\"container\">\n\t\t\t\t\t<div class=\"e-con-inner\">\n\t\t\t\t<div class=\"elementor-element elementor-element-5912970 elementor-widget elementor-widget-the-event-schedule-details-loop\" data-id=\"5912970\" data-element_type=\"widget\" data-e-type=\"widget\" data-widget_type=\"the-event-schedule-details-loop.default\">\n\t\t\t\t<div class=\"elementor-widget-container\">\n\t\t\t\t\t<div class=\"ewpe-events-schedule\">\r\n\t\t\t\t\t\t\t\t<span class=\"ewpe-ev-mo\">Mar<\/span>\r\n\t\t\t\t\t\t\t\t<\/div>\t\t\t\t<\/div>\n\t\t\t\t<\/div>\n\t\t\t\t\t<\/div>\n\t\t\t\t<\/div>\n\t\t<div class=\"elementor-element elementor-element-f722ecb e-flex e-con-boxed e-con e-child\" data-id=\"f722ecb\" data-element_type=\"container\" data-e-type=\"container\">\n\t\t\t\t\t<div class=\"e-con-inner\">\n\t\t\t\t<div class=\"elementor-element elementor-element-c898e4c elementor-widget elementor-widget-the-event-schedule-details-loop\" data-id=\"c898e4c\" data-element_type=\"widget\" data-e-type=\"widget\" data-widget_type=\"the-event-schedule-details-loop.default\">\n\t\t\t\t<div class=\"elementor-widget-container\">\n\t\t\t\t\t<div class=\"ewpe-events-schedule\">\r\n\t\t\t\t\t\t\t\t<span class=\"ewpe-ev-day\">25<\/span>\r\n\t\t\t\t\t\t\t\t<\/div>\t\t\t\t<\/div>\n\t\t\t\t<\/div>\n\t\t\t\t\t<\/div>\n\t\t\t\t<\/div>\n\t\t\t\t<\/div>\n\t\t\t\t\t<\/div>\n\t\t\t\t<\/div>\n\t\t<div class=\"elementor-element elementor-element-5d3476c e-flex e-con-boxed e-con e-child\" data-id=\"5d3476c\" data-element_type=\"container\" data-e-type=\"container\">\n\t\t\t\t\t<div class=\"e-con-inner\">\n\t\t\t\t<div class=\"elementor-element elementor-element-32710d4 elementor-widget elementor-widget-the-event-title-loop\" data-id=\"32710d4\" data-element_type=\"widget\" data-e-type=\"widget\" data-widget_type=\"the-event-title-loop.default\">\n\t\t\t\t<div class=\"elementor-widget-container\">\n\t\t\t\t\t<a class=\"event-link\" href = https:\/\/raulgalaviz.com\/cursos-de-fotografia\/evento\/retrata-conferencia-de-fotografia-en-unid-campus-tijuana\/><h5 data-event-category = \"conferencia-de-fotografia\" class=\"ewpe-event-title\">RETRATA conferencia de fotografia en UNI campus Tijuana.<\/h5><\/a>\t\t\t\t<\/div>\n\t\t\t\t<\/div>\n\t\t\t\t<div class=\"elementor-element elementor-element-516e907 elementor-widget__width-auto elementor-widget-tablet__width-auto elementor-widget elementor-widget-the-event-readmore-loop\" data-id=\"516e907\" data-element_type=\"widget\" data-e-type=\"widget\" data-widget_type=\"the-event-readmore-loop.default\">\n\t\t\t\t<div class=\"elementor-widget-container\">\n\t\t\t\t\t<div class=\"ewpe-div-readmore\"><a href = https:\/\/raulgalaviz.com\/cursos-de-fotografia\/evento\/retrata-conferencia-de-fotografia-en-unid-campus-tijuana\/><div class=\"ewpe-event-readmore\">Ver m\u00e1s \u279f<\/div><\/a><\/div>\t\t\t\t<\/div>\n\t\t\t\t<\/div>\n\t\t\t\t\t<\/div>\n\t\t\t\t<\/div>\n\t\t\t\t\t<\/div>\n\t\t\t\t<\/div>\n\t\t\t\t<\/div>\n\t\t<\/div><\/div>\t\t\t\t<\/div>\n\t\t\t\t<\/div>\n\t\t\t\t\t<\/div>\n\t\t\t\t<\/div>\n\t\t\t\t<\/div>\n\t\t","protected":false},"excerpt":{"rendered":"<p>RETRATA TALLER PRESENCIAL Pr\u00f3ximos eventos. Curso presencial de dos d\u00edas. Eventos pasados Oct 29 Taller de fotograf\u00eda RETRATA Guadalajara Octubre 2024 Ver m\u00e1s \u279f Ago 27 Taller de fotograf\u00eda RETRATA [&hellip;]<\/p>\n","protected":false},"author":1,"featured_media":68368,"parent":68300,"menu_order":3,"comment_status":"closed","ping_status":"closed","template":"elementor_header_footer","meta":{"_price":"","_stock":"","_tribe_ticket_header":"","_tribe_default_ticket_provider":"","_tribe_ticket_capacity":"0","_ticket_start_date":"","_ticket_end_date":"","_tribe_ticket_show_description":"","_tribe_ticket_show_not_going":false,"_tribe_ticket_use_global_stock":"","_tribe_ticket_global_stock_level":"","_global_stock_mode":"","_global_stock_cap":"","_tribe_rsvp_for_event":"","_tribe_ticket_going_count":"","_tribe_ticket_not_going_count":"","_tribe_tickets_list":"[]","_tribe_ticket_has_attendee_info_fields":false,"footnotes":""},"class_list":["post-68378","page","type-page","status-publish","has-post-thumbnail","hentry"],"_links":{"self":[{"href":"https:\/\/raulgalaviz.com\/cursos-de-fotografia\/wp-json\/wp\/v2\/pages\/68378","targetHints":{"allow":["GET"]}}],"collection":[{"href":"https:\/\/raulgalaviz.com\/cursos-de-fotografia\/wp-json\/wp\/v2\/pages"}],"about":[{"href":"https:\/\/raulgalaviz.com\/cursos-de-fotografia\/wp-json\/wp\/v2\/types\/page"}],"author":[{"embeddable":true,"href":"https:\/\/raulgalaviz.com\/cursos-de-fotografia\/wp-json\/wp\/v2\/users\/1"}],"replies":[{"embeddable":true,"href":"https:\/\/raulgalaviz.com\/cursos-de-fotografia\/wp-json\/wp\/v2\/comments?post=68378"}],"version-history":[{"count":21,"href":"https:\/\/raulgalaviz.com\/cursos-de-fotografia\/wp-json\/wp\/v2\/pages\/68378\/revisions"}],"predecessor-version":[{"id":74010,"href":"https:\/\/raulgalaviz.com\/cursos-de-fotografia\/wp-json\/wp\/v2\/pages\/68378\/revisions\/74010"}],"up":[{"embeddable":true,"href":"https:\/\/raulgalaviz.com\/cursos-de-fotografia\/wp-json\/wp\/v2\/pages\/68300"}],"wp:featuredmedia":[{"embeddable":true,"href":"https:\/\/raulgalaviz.com\/cursos-de-fotografia\/wp-json\/"}],"wp:attachment":[{"href":"https:\/\/raulgalaviz.com\/cursos-de-fotografia\/wp-json\/wp\/v2\/media?parent=68378"}],"curies":[{"name":"wp","href":"https:\/\/api.w.org\/{rel}","templated":true}]}}